{"id":4613,"date":"2023-08-05T08:19:10","date_gmt":"2023-08-05T08:19:10","guid":{"rendered":"https:\/\/www.easykit.be\/?post_type=knowledge_center&#038;p=4613"},"modified":"2023-11-14T14:00:36","modified_gmt":"2023-11-14T14:00:36","slug":"pourquoi-ma-voiture-ne-peut-elle-pas-charger-la-totalite-des-22-kw","status":"publish","type":"knowledge_center","link":"https:\/\/www.easykit.be\/fr\/centredeconnaissances\/pourquoi-ma-voiture-ne-peut-elle-pas-charger-la-totalite-des-22-kw\/","title":{"rendered":"Pourquoi ma voiture ne peut-elle pas charger la totalit\u00e9 des 22 kW ?"},"content":{"rendered":"<p>Il peut y avoir de nombreuses raisons \u00e0 cela. Tout d&#8217;abord, toutes les voitures ne sont pas capables d&#8217;absorber la totalit\u00e9 des 22 kW. En outre, il se peut que le r\u00e9seau ne soit tout simplement pas en mesure d&#8217;absorber cette puissance, surtout si vous branchez plusieurs voitures en m\u00eame temps. De plus, si une grande quantit\u00e9 d&#8217;\u00e9nergie est consomm\u00e9e en m\u00eame temps, il se peut que votre voiture atteigne ses limites de charge. En outre, il se peut qu&#8217;un tampon ait \u00e9t\u00e9 fix\u00e9 sur la quantit\u00e9 d&#8217;\u00e9nergie consomm\u00e9e. Ou bien il a \u00e9t\u00e9 d\u00e9cid\u00e9 de ne charger que pendant certaines heures.<\/p>\n<p><a href=\"https:\/\/www.easykit.be\/fr\/project\/systeme-de-recharge\/\" target=\"_blank\" rel=\"noopener\"><img decoding=\"async\" class=\"size-medium wp-image-5925\" src=\"https:\/\/www.easykit.be\/wp-content\/uploads\/2023\/10\/Blitz-laadpaal-staand-300x300.jpg\" alt=\"Zelf je laadpaal plaatsen met Easykit\" width=\"300\" height=\"300\" \/><\/a><\/p>\n","protected":false},"excerpt":{"rendered":"<p>Il peut y avoir de nombreuses raisons \u00e0 cela. Tout d&#8217;abord, toutes les voitures ne sont pas capables d&#8217;absorber la totalit\u00e9 des 22 kW.<\/p>\n","protected":false},"featured_media":5925,"parent":0,"menu_order":57,"template":"","meta":{"_acf_changed":false,"_et_pb_use_builder":"","_et_pb_old_content":"","_et_gb_content_width":"","inline_featured_image":false},"knowledge_category":[112],"wf_knowledge_center_folders":[133],"class_list":["post-4613","knowledge_center","type-knowledge_center","status-publish","has-post-thumbnail","hentry","knowledge_category-electricite"],"acf":[],"yoast_head":"<!-- This site is optimized with the Yoast SEO Premium plugin v24.4 (Yoast SEO v27.2) - https:\/\/yoast.com\/product\/yoast-seo-premium-wordpress\/ -->\n<title>Pourquoi ma voiture ne peut-elle pas charger la totalit\u00e9 des 22 kW ? - EasyKit<\/title>\n<meta name=\"description\" content=\"Il peut y avoir de nombreuses raisons \u00e0 cela. Tout d&#039;abord, toutes les voitures ne sont pas capables d&#039;absorber la totalit\u00e9 des 22 kW.\" \/>\n<meta name=\"robots\" content=\"index, follow, max-snippet:-1, max-image-preview:large, max-video-preview:-1\" \/>\n<link rel=\"canonical\" href=\"https:\/\/www.easykit.be\/fr\/centredeconnaissances\/pourquoi-ma-voiture-ne-peut-elle-pas-charger-la-totalite-des-22-kw\/\" \/>\n<meta property=\"og:locale\" content=\"fr_FR\" \/>\n<meta property=\"og:type\" content=\"article\" \/>\n<meta property=\"og:title\" content=\"Pourquoi ma voiture ne peut-elle pas charger la totalit\u00e9 des 22 kW ?\" \/>\n<meta property=\"og:description\" content=\"Il peut y avoir de nombreuses raisons \u00e0 cela. Tout d&#039;abord, toutes les voitures ne sont pas capables d&#039;absorber la totalit\u00e9 des 22 kW.\" \/>\n<meta property=\"og:site_name\" content=\"EasyKit\" \/>\n<meta property=\"article:publisher\" content=\"https:\/\/www.facebook.com\/Easykitnl\" \/>\n<meta property=\"article:modified_time\" content=\"2023-11-14T14:00:36+00:00\" \/>\n<meta property=\"og:image\" content=\"https:\/\/www.easykit.be\/wp-content\/uploads\/2023\/10\/Blitz-laadpaal-staand.jpg\" \/>\n\t<meta property=\"og:image:width\" content=\"800\" \/>\n\t<meta property=\"og:image:height\" content=\"800\" \/>\n\t<meta property=\"og:image:type\" content=\"image\/jpeg\" \/>\n<meta name=\"twitter:card\" content=\"summary_large_image\" \/>\n<meta name=\"twitter:site\" content=\"@Easykit2\" \/>\n<meta name=\"twitter:label1\" content=\"Dur\u00e9e de lecture estim\u00e9e\" \/>\n\t<meta name=\"twitter:data1\" content=\"1 minute\" \/>\n<script type=\"application\/ld+json\" class=\"yoast-schema-graph\">{\"@context\":\"https:\/\/schema.org\",\"@graph\":[{\"@type\":\"WebPage\",\"@id\":\"https:\/\/www.easykit.be\/fr\/centredeconnaissances\/pourquoi-ma-voiture-ne-peut-elle-pas-charger-la-totalite-des-22-kw\/\",\"url\":\"https:\/\/www.easykit.be\/fr\/centredeconnaissances\/pourquoi-ma-voiture-ne-peut-elle-pas-charger-la-totalite-des-22-kw\/\",\"name\":\"Pourquoi ma voiture ne peut-elle pas charger la totalit\u00e9 des 22 kW ? - EasyKit\",\"isPartOf\":{\"@id\":\"https:\/\/www.easykit.be\/fr\/#website\"},\"primaryImageOfPage\":{\"@id\":\"https:\/\/www.easykit.be\/fr\/centredeconnaissances\/pourquoi-ma-voiture-ne-peut-elle-pas-charger-la-totalite-des-22-kw\/#primaryimage\"},\"image\":{\"@id\":\"https:\/\/www.easykit.be\/fr\/centredeconnaissances\/pourquoi-ma-voiture-ne-peut-elle-pas-charger-la-totalite-des-22-kw\/#primaryimage\"},\"thumbnailUrl\":\"https:\/\/www.easykit.be\/wp-content\/uploads\/2023\/10\/Blitz-laadpaal-staand.jpg\",\"datePublished\":\"2023-08-05T08:19:10+00:00\",\"dateModified\":\"2023-11-14T14:00:36+00:00\",\"description\":\"Il peut y avoir de nombreuses raisons \u00e0 cela. Tout d'abord, toutes les voitures ne sont pas capables d'absorber la totalit\u00e9 des 22 kW.\",\"breadcrumb\":{\"@id\":\"https:\/\/www.easykit.be\/fr\/centredeconnaissances\/pourquoi-ma-voiture-ne-peut-elle-pas-charger-la-totalite-des-22-kw\/#breadcrumb\"},\"inLanguage\":\"fr-FR\",\"potentialAction\":[{\"@type\":\"ReadAction\",\"target\":[\"https:\/\/www.easykit.be\/fr\/centredeconnaissances\/pourquoi-ma-voiture-ne-peut-elle-pas-charger-la-totalite-des-22-kw\/\"]}]},{\"@type\":\"ImageObject\",\"inLanguage\":\"fr-FR\",\"@id\":\"https:\/\/www.easykit.be\/fr\/centredeconnaissances\/pourquoi-ma-voiture-ne-peut-elle-pas-charger-la-totalite-des-22-kw\/#primaryimage\",\"url\":\"https:\/\/www.easykit.be\/wp-content\/uploads\/2023\/10\/Blitz-laadpaal-staand.jpg\",\"contentUrl\":\"https:\/\/www.easykit.be\/wp-content\/uploads\/2023\/10\/Blitz-laadpaal-staand.jpg\",\"width\":800,\"height\":800,\"caption\":\"Plaat zelf je laadpaal\"},{\"@type\":\"BreadcrumbList\",\"@id\":\"https:\/\/www.easykit.be\/fr\/centredeconnaissances\/pourquoi-ma-voiture-ne-peut-elle-pas-charger-la-totalite-des-22-kw\/#breadcrumb\",\"itemListElement\":[{\"@type\":\"ListItem\",\"position\":1,\"name\":\"Home\",\"item\":\"https:\/\/www.easykit.be\/fr\/\"},{\"@type\":\"ListItem\",\"position\":2,\"name\":\"Knowledge center\",\"item\":\"https:\/\/www.easykit.be\/fr\/centredeconnaissances\/\"},{\"@type\":\"ListItem\",\"position\":3,\"name\":\"Pourquoi ma voiture ne peut-elle pas charger la totalit\u00e9 des 22 kW ?\"}]},{\"@type\":\"WebSite\",\"@id\":\"https:\/\/www.easykit.be\/fr\/#website\",\"url\":\"https:\/\/www.easykit.be\/fr\/\",\"name\":\"EasyKit\",\"description\":\"Slimme zelfbouw\",\"publisher\":{\"@id\":\"https:\/\/www.easykit.be\/fr\/#organization\"},\"alternateName\":\"Slimme zelfbouw\",\"potentialAction\":[{\"@type\":\"SearchAction\",\"target\":{\"@type\":\"EntryPoint\",\"urlTemplate\":\"https:\/\/www.easykit.be\/fr\/?s={search_term_string}\"},\"query-input\":{\"@type\":\"PropertyValueSpecification\",\"valueRequired\":true,\"valueName\":\"search_term_string\"}}],\"inLanguage\":\"fr-FR\"},{\"@type\":\"Organization\",\"@id\":\"https:\/\/www.easykit.be\/fr\/#organization\",\"name\":\"EasyKit\",\"alternateName\":\"Slimme zelfbouw\",\"url\":\"https:\/\/www.easykit.be\/fr\/\",\"logo\":{\"@type\":\"ImageObject\",\"inLanguage\":\"fr-FR\",\"@id\":\"https:\/\/www.easykit.be\/fr\/#\/schema\/logo\/image\/\",\"url\":\"https:\/\/www.easykit.be\/wp-content\/uploads\/2024\/01\/Organization-logo.png\",\"contentUrl\":\"https:\/\/www.easykit.be\/wp-content\/uploads\/2024\/01\/Organization-logo.png\",\"width\":996,\"height\":996,\"caption\":\"EasyKit\"},\"image\":{\"@id\":\"https:\/\/www.easykit.be\/fr\/#\/schema\/logo\/image\/\"},\"sameAs\":[\"https:\/\/www.facebook.com\/Easykitnl\",\"https:\/\/x.com\/Easykit2\",\"https:\/\/www.youtube.com\/c\/EasykitBe1\",\"https:\/\/www.instagram.com\/easykit.slimme.zelfbouw\/\"]}]}<\/script>\n<!-- \/ Yoast SEO Premium plugin. -->","yoast_head_json":{"title":"Pourquoi ma voiture ne peut-elle pas charger la totalit\u00e9 des 22 kW ? - EasyKit","description":"Il peut y avoir de nombreuses raisons \u00e0 cela. Tout d'abord, toutes les voitures ne sont pas capables d'absorber la totalit\u00e9 des 22 kW.","robots":{"index":"index","follow":"follow","max-snippet":"max-snippet:-1","max-image-preview":"max-image-preview:large","max-video-preview":"max-video-preview:-1"},"canonical":"https:\/\/www.easykit.be\/fr\/centredeconnaissances\/pourquoi-ma-voiture-ne-peut-elle-pas-charger-la-totalite-des-22-kw\/","og_locale":"fr_FR","og_type":"article","og_title":"Pourquoi ma voiture ne peut-elle pas charger la totalit\u00e9 des 22 kW ?","og_description":"Il peut y avoir de nombreuses raisons \u00e0 cela. Tout d'abord, toutes les voitures ne sont pas capables d'absorber la totalit\u00e9 des 22 kW.","og_site_name":"EasyKit","article_publisher":"https:\/\/www.facebook.com\/Easykitnl","article_modified_time":"2023-11-14T14:00:36+00:00","og_image":[{"width":800,"height":800,"url":"https:\/\/www.easykit.be\/wp-content\/uploads\/2023\/10\/Blitz-laadpaal-staand.jpg","type":"image\/jpeg"}],"twitter_card":"summary_large_image","twitter_site":"@Easykit2","twitter_misc":{"Dur\u00e9e de lecture estim\u00e9e":"1 minute"},"schema":{"@context":"https:\/\/schema.org","@graph":[{"@type":"WebPage","@id":"https:\/\/www.easykit.be\/fr\/centredeconnaissances\/pourquoi-ma-voiture-ne-peut-elle-pas-charger-la-totalite-des-22-kw\/","url":"https:\/\/www.easykit.be\/fr\/centredeconnaissances\/pourquoi-ma-voiture-ne-peut-elle-pas-charger-la-totalite-des-22-kw\/","name":"Pourquoi ma voiture ne peut-elle pas charger la totalit\u00e9 des 22 kW ? - EasyKit","isPartOf":{"@id":"https:\/\/www.easykit.be\/fr\/#website"},"primaryImageOfPage":{"@id":"https:\/\/www.easykit.be\/fr\/centredeconnaissances\/pourquoi-ma-voiture-ne-peut-elle-pas-charger-la-totalite-des-22-kw\/#primaryimage"},"image":{"@id":"https:\/\/www.easykit.be\/fr\/centredeconnaissances\/pourquoi-ma-voiture-ne-peut-elle-pas-charger-la-totalite-des-22-kw\/#primaryimage"},"thumbnailUrl":"https:\/\/www.easykit.be\/wp-content\/uploads\/2023\/10\/Blitz-laadpaal-staand.jpg","datePublished":"2023-08-05T08:19:10+00:00","dateModified":"2023-11-14T14:00:36+00:00","description":"Il peut y avoir de nombreuses raisons \u00e0 cela. Tout d'abord, toutes les voitures ne sont pas capables d'absorber la totalit\u00e9 des 22 kW.","breadcrumb":{"@id":"https:\/\/www.easykit.be\/fr\/centredeconnaissances\/pourquoi-ma-voiture-ne-peut-elle-pas-charger-la-totalite-des-22-kw\/#breadcrumb"},"inLanguage":"fr-FR","potentialAction":[{"@type":"ReadAction","target":["https:\/\/www.easykit.be\/fr\/centredeconnaissances\/pourquoi-ma-voiture-ne-peut-elle-pas-charger-la-totalite-des-22-kw\/"]}]},{"@type":"ImageObject","inLanguage":"fr-FR","@id":"https:\/\/www.easykit.be\/fr\/centredeconnaissances\/pourquoi-ma-voiture-ne-peut-elle-pas-charger-la-totalite-des-22-kw\/#primaryimage","url":"https:\/\/www.easykit.be\/wp-content\/uploads\/2023\/10\/Blitz-laadpaal-staand.jpg","contentUrl":"https:\/\/www.easykit.be\/wp-content\/uploads\/2023\/10\/Blitz-laadpaal-staand.jpg","width":800,"height":800,"caption":"Plaat zelf je laadpaal"},{"@type":"BreadcrumbList","@id":"https:\/\/www.easykit.be\/fr\/centredeconnaissances\/pourquoi-ma-voiture-ne-peut-elle-pas-charger-la-totalite-des-22-kw\/#breadcrumb","itemListElement":[{"@type":"ListItem","position":1,"name":"Home","item":"https:\/\/www.easykit.be\/fr\/"},{"@type":"ListItem","position":2,"name":"Knowledge center","item":"https:\/\/www.easykit.be\/fr\/centredeconnaissances\/"},{"@type":"ListItem","position":3,"name":"Pourquoi ma voiture ne peut-elle pas charger la totalit\u00e9 des 22 kW ?"}]},{"@type":"WebSite","@id":"https:\/\/www.easykit.be\/fr\/#website","url":"https:\/\/www.easykit.be\/fr\/","name":"EasyKit","description":"Slimme zelfbouw","publisher":{"@id":"https:\/\/www.easykit.be\/fr\/#organization"},"alternateName":"Slimme zelfbouw","potentialAction":[{"@type":"SearchAction","target":{"@type":"EntryPoint","urlTemplate":"https:\/\/www.easykit.be\/fr\/?s={search_term_string}"},"query-input":{"@type":"PropertyValueSpecification","valueRequired":true,"valueName":"search_term_string"}}],"inLanguage":"fr-FR"},{"@type":"Organization","@id":"https:\/\/www.easykit.be\/fr\/#organization","name":"EasyKit","alternateName":"Slimme zelfbouw","url":"https:\/\/www.easykit.be\/fr\/","logo":{"@type":"ImageObject","inLanguage":"fr-FR","@id":"https:\/\/www.easykit.be\/fr\/#\/schema\/logo\/image\/","url":"https:\/\/www.easykit.be\/wp-content\/uploads\/2024\/01\/Organization-logo.png","contentUrl":"https:\/\/www.easykit.be\/wp-content\/uploads\/2024\/01\/Organization-logo.png","width":996,"height":996,"caption":"EasyKit"},"image":{"@id":"https:\/\/www.easykit.be\/fr\/#\/schema\/logo\/image\/"},"sameAs":["https:\/\/www.facebook.com\/Easykitnl","https:\/\/x.com\/Easykit2","https:\/\/www.youtube.com\/c\/EasykitBe1","https:\/\/www.instagram.com\/easykit.slimme.zelfbouw\/"]}]}},"publishpress_future_workflow_manual_trigger":{"enabledWorkflows":[]},"_links":{"self":[{"href":"https:\/\/www.easykit.be\/fr\/wp-json\/wp\/v2\/knowledge_center\/4613","targetHints":{"allow":["GET"]}}],"collection":[{"href":"https:\/\/www.easykit.be\/fr\/wp-json\/wp\/v2\/knowledge_center"}],"about":[{"href":"https:\/\/www.easykit.be\/fr\/wp-json\/wp\/v2\/types\/knowledge_center"}],"version-history":[{"count":2,"href":"https:\/\/www.easykit.be\/fr\/wp-json\/wp\/v2\/knowledge_center\/4613\/revisions"}],"predecessor-version":[{"id":8403,"href":"https:\/\/www.easykit.be\/fr\/wp-json\/wp\/v2\/knowledge_center\/4613\/revisions\/8403"}],"wp:featuredmedia":[{"embeddable":true,"href":"https:\/\/www.easykit.be\/fr\/wp-json\/wp\/v2\/media\/5925"}],"wp:attachment":[{"href":"https:\/\/www.easykit.be\/fr\/wp-json\/wp\/v2\/media?parent=4613"}],"wp:term":[{"taxonomy":"knowledge_category","embeddable":true,"href":"https:\/\/www.easykit.be\/fr\/wp-json\/wp\/v2\/knowledge_category?post=4613"},{"taxonomy":"wf_knowledge_center_folders","embeddable":true,"href":"https:\/\/www.easykit.be\/fr\/wp-json\/wp\/v2\/wf_knowledge_center_folders?post=4613"}],"curies":[{"name":"wp","href":"https:\/\/api.w.org\/{rel}","templated":true}]}}